{"id":167,"date":"2025-10-04T16:58:16","date_gmt":"2025-10-04T19:58:16","guid":{"rendered":"https:\/\/www.censalins.g12.br\/?page_id=167"},"modified":"2025-10-04T16:58:31","modified_gmt":"2025-10-04T19:58:31","slug":"proposta-pedagogica","status":"publish","type":"page","link":"https:\/\/www.censalins.g12.br\/?page_id=167","title":{"rendered":"Proposta Pedag\u00f3gica"},"content":{"rendered":"\t\t<div data-elementor-type=\"wp-page\" data-elementor-id=\"167\" class=\"elementor elementor-167\" data-elementor-settings=\"{&quot;ha_cmc_init_switcher&quot;:&quot;no&quot;}\" data-elementor-post-type=\"page\">\n\t\t\t\t\t\t<section class=\"elementor-section elementor-top-section elementor-element elementor-element-1f95a03 elementor-section-boxed elementor-section-height-default elementor-section-height-default\" data-id=\"1f95a03\" data-element_type=\"section\" data-settings=\"{&quot;_ha_eqh_enable&quot;:false}\">\n\t\t\t\t\t\t<div class=\"elementor-container elementor-column-gap-default\">\n\t\t\t\t\t<div class=\"elementor-column elementor-col-100 elementor-top-column elementor-element elementor-element-34aa81c\" data-id=\"34aa81c\" data-element_type=\"column\">\n\t\t\t<div class=\"elementor-widget-wrap elementor-element-populated\">\n\t\t\t\t<div class=\"elementor-element elementor-element-c5ae27d e-flex e-con-boxed e-con e-parent\" data-id=\"c5ae27d\" data-element_type=\"container\" data-settings=\"{&quot;_ha_eqh_enable&quot;:false}\">\n\t\t\t\t\t<div class=\"e-con-inner\">\n\t\t<div class=\"elementor-element elementor-element-6d62153 e-con-full e-flex e-con e-child\" data-id=\"6d62153\" data-element_type=\"container\" data-settings=\"{&quot;_ha_eqh_enable&quot;:false}\">\n\t\t<div class=\"elementor-element elementor-element-b447da3 e-con-full e-flex e-con e-child\" data-id=\"b447da3\" data-element_type=\"container\" data-settings=\"{&quot;_ha_eqh_enable&quot;:false}\">\n\t\t\t\t<div class=\"elementor-element elementor-element-f905c04 elementor-widget__width-initial animated-img elementor-widget elementor-widget-image\" data-id=\"f905c04\" data-element_type=\"widget\" data-widget_type=\"image.default\">\n\t\t\t\t\t\t\t\t\t\t\t\t\t\t\t<img fetchpriority=\"high\" decoding=\"async\" width=\"660\" height=\"441\" src=\"https:\/\/www.censalins.g12.br\/wp-content\/uploads\/2025\/10\/biblioteca-dezenove-ii-1.jpg\" class=\"attachment-full size-full wp-image-153\" alt=\"\" srcset=\"https:\/\/www.censalins.g12.br\/wp-content\/uploads\/2025\/10\/biblioteca-dezenove-ii-1.jpg 660w, https:\/\/www.censalins.g12.br\/wp-content\/uploads\/2025\/10\/biblioteca-dezenove-ii-1-300x200.jpg 300w\" sizes=\"(max-width: 660px) 100vw, 660px\" \/>\t\t\t\t\t\t\t\t\t\t\t\t\t\t\t<\/div>\n\t\t\t\t<div class=\"elementor-element elementor-element-54b1623 elementor-widget__width-initial animated-img elementor-widget elementor-widget-image\" data-id=\"54b1623\" data-element_type=\"widget\" data-widget_type=\"image.default\">\n\t\t\t\t\t\t\t\t\t\t\t\t\t\t\t<img decoding=\"async\" width=\"660\" height=\"440\" src=\"https:\/\/www.censalins.g12.br\/wp-content\/uploads\/2025\/10\/laborata-rio-de-qua-mica-dezenove-1.jpg\" class=\"attachment-full size-full wp-image-152\" alt=\"\" srcset=\"https:\/\/www.censalins.g12.br\/wp-content\/uploads\/2025\/10\/laborata-rio-de-qua-mica-dezenove-1.jpg 660w, https:\/\/www.censalins.g12.br\/wp-content\/uploads\/2025\/10\/laborata-rio-de-qua-mica-dezenove-1-300x200.jpg 300w\" sizes=\"(max-width: 660px) 100vw, 660px\" \/>\t\t\t\t\t\t\t\t\t\t\t\t\t\t\t<\/div>\n\t\t\t\t<\/div>\n\t\t\t\t<div class=\"elementor-element elementor-element-db270ae animated-img elementor-widget elementor-widget-image\" data-id=\"db270ae\" data-element_type=\"widget\" data-widget_type=\"image.default\">\n\t\t\t\t\t\t\t\t\t\t\t\t\t\t\t<img decoding=\"async\" width=\"1014\" height=\"628\" src=\"https:\/\/www.censalins.g12.br\/wp-content\/uploads\/2025\/10\/ft.png\" class=\"attachment-full size-full wp-image-154\" alt=\"\" srcset=\"https:\/\/www.censalins.g12.br\/wp-content\/uploads\/2025\/10\/ft.png 1014w, https:\/\/www.censalins.g12.br\/wp-content\/uploads\/2025\/10\/ft-300x186.png 300w, https:\/\/www.censalins.g12.br\/wp-content\/uploads\/2025\/10\/ft-768x476.png 768w\" sizes=\"(max-width: 1014px) 100vw, 1014px\" \/>\t\t\t\t\t\t\t\t\t\t\t\t\t\t\t<\/div>\n\t\t\t\t<div class=\"elementor-element elementor-element-9135663 elementor-widget elementor-widget-html\" data-id=\"9135663\" data-element_type=\"widget\" data-widget_type=\"html.default\">\n\t\t\t\t\t<script>\n\/\/ Aguarda o DOM pronto\ndocument.addEventListener('DOMContentLoaded', function() {\n  \/\/ 1. Seleciona todas as imagens\n  const images = gsap.utils.toArray('.animated-img');\n  \n  \/\/ 2. Estado inicial: todas desfocadas e sem escala extra\n  gsap.set(images, {\n    filter: 'blur(4px)',\n    scale: 1\n  });\n\n  \/\/ 3. Cria timeline infinita com 0.8s de dura\u00e7\u00e3o padr\u00e3o\n  const tl = gsap.timeline({\n    repeat: -1,\n    defaults: {\n      duration: 0.8,          \/\/ 800 ms\n      ease: 'power1.inOut'\n    }\n  });\n\n  images.forEach(img => {\n    \/\/ 3.1. Traz esta imagem em foco\n    tl.to(img, {\n      filter: 'blur(0px)',\n      scale: 1.01\n    });\n    \/\/ 3.2. Mant\u00e9m em foco por 0.4s\n    tl.to({}, { duration: 0.4 });\n    \/\/ 3.3. Volta para estado desfocado\n    tl.to(img, {\n      filter: 'blur(4px)',\n      scale: 1\n    });\n  });\n});\n<\/script>\n\t\t\t\t<\/div>\n\t\t\t\t<\/div>\n\t\t<div class=\"elementor-element elementor-element-d19c6d3 e-con-full e-flex e-con e-child\" data-id=\"d19c6d3\" data-element_type=\"container\" data-settings=\"{&quot;_ha_eqh_enable&quot;:false}\">\n\t\t\t\t<div class=\"elementor-element elementor-element-99a4d1b elementor-widget elementor-widget-image-box\" data-id=\"99a4d1b\" data-element_type=\"widget\" data-widget_type=\"image-box.default\">\n\t\t\t\t\t<div class=\"elementor-image-box-wrapper\"><div class=\"elementor-image-box-content\"><h3 class=\"elementor-image-box-title\">Proposta Pedag\u00f3gica<\/h3><p class=\"elementor-image-box-description\">O CENSA prop\u00f5e uma educa\u00e7\u00e3o humana integral\n\nforma\u00e7\u00e3o cr\u00edtica, \u00e9tica, social e pol\u00edtica do educando\n\nexerc\u00edcio de uma cidadania participativa, construtiva e solid\u00e1ria.\n\nO educando \u00e9 protagonista de sua pr\u00f3pria forma\u00e7\u00e3o.\n\nNessa proposta pedag\u00f3gica, a educa\u00e7\u00e3o deve promover sua autonomia,\n\nnos seus aspectos intelectuais e cognitivos\n\nno desenvolvimento afetivo, social e moral.\n\nNossa Escola vive e atua com base nos tr\u00eas alicerces da pedagogia de Dom Bosco: raz\u00e3o, religi\u00e3o e amor [amorevolezza].\nEm nossa Escola todos s\u00e3o educadores e vivem essa miss\u00e3o em clima de corresponsabilidade e m\u00fatua colabora\u00e7\u00e3o.\n\n\nMetas e objetivos da Institui\u00e7\u00e3o\n\nA meta do CENSA \u00e9 o desenvolvimento integral dos educandos, mediante um saber e uma cultura elaborados criticamente, com base na concep\u00e7\u00e3o da pessoa e da vida inspirada nos valores do Evangelho e em sintonia com o Carisma Salesiano.<\/p><\/div><\/div>\t\t\t\t<\/div>\n\t\t\t\t<\/div>\n\t\t\t\t\t<\/div>\n\t\t\t\t<\/div>\n\t\t\t\t\t<\/div>\n\t\t<\/div>\n\t\t\t\t\t<\/div>\n\t\t<\/section>\n\t\t<div class=\"elementor-element elementor-element-ce615b6 e-flex e-con-boxed e-con e-parent\" data-id=\"ce615b6\" data-element_type=\"container\" data-settings=\"{&quot;background_background&quot;:&quot;classic&quot;,&quot;_ha_eqh_enable&quot;:false}\">\n\t\t\t\t\t<div class=\"e-con-inner\">\n\t\t<div class=\"elementor-element elementor-element-c92705c e-con-full e-flex e-con e-child\" data-id=\"c92705c\" data-element_type=\"container\" data-settings=\"{&quot;_ha_eqh_enable&quot;:false}\">\n\t\t\t\t<div class=\"elementor-element elementor-element-04e4ce0 elementor-widget elementor-widget-image-box\" data-id=\"04e4ce0\" data-element_type=\"widget\" data-widget_type=\"image-box.default\">\n\t\t\t\t\t<div class=\"elementor-image-box-wrapper\"><div class=\"elementor-image-box-content\"><h3 class=\"elementor-image-box-title\">Objetivos fundamentais:<\/h3><p class=\"elementor-image-box-description\">Ser uma Comunidade Educativa aberta aos desafios da realidade em que est\u00e1 inserida, resgatando valores e incentivando atitudes de respeito pelo pluralismo de ideias, aberta ao di\u00e1logo e \u00e0 democratiza\u00e7\u00e3o da cultura.<br><br>\n\nPreservar sua identidade cat\u00f3lica, atuando \u00e0 luz dos princ\u00edpios do Evangelho e vivendo o esp\u00edrito e o Sistema Educativo de Dom Bosco, fundador da obra, testemunhando uma rela\u00e7\u00e3o ecum\u00eanica e de di\u00e1logo inter-religioso, na busca pela paz, pela justi\u00e7a, pelo amor e pela vida.<br><br>\n\nGarantir sempre a qualifica\u00e7\u00e3o do Processo Educacional, alicer\u00e7ado na experi\u00eancia da Educa\u00e7\u00e3o Salesiana, aberta e sens\u00edvel \u00e0s mudan\u00e7as e necessidades da sociedade, por meio de uma forma\u00e7\u00e3o continuada de seus educadores, com uma infraestrutura diferenciada, permanentemente atualizada em seus recursos did\u00e1ticos e materiais.<br><br>\n\nAssim sendo, o CENSA tem como proposta ser uma Comunidade Educativa, em que educadores, alunos, pais e todos os demais colaboradores envolvidos na Pr\u00e1tica Educacional sejam capazes de contribuir para a transforma\u00e7\u00e3o da sociedade, ao relacionarem-se entre si e com o ambiente onde vivem.<\/p><\/div><\/div>\t\t\t\t<\/div>\n\t\t\t\t<\/div>\n\t\t<div class=\"elementor-element elementor-element-7f50176 e-con-full e-flex e-con e-child\" data-id=\"7f50176\" data-element_type=\"container\" data-settings=\"{&quot;_ha_eqh_enable&quot;:false}\">\n\t\t\t\t<div class=\"elementor-element elementor-element-1a9766c elementor-widget elementor-widget-image-box\" data-id=\"1a9766c\" data-element_type=\"widget\" data-widget_type=\"image-box.default\">\n\t\t\t\t\t<div class=\"elementor-image-box-wrapper\"><div class=\"elementor-image-box-content\"><p class=\"elementor-image-box-description\">Recursos f\u00edsicos:\n\n\n\nA escola disp\u00f5e de: Trinta Salas de aula amplas, iluminadas, climatizadas\n\nMobili\u00e1rio adequado \u00e0 cada faixa et\u00e1ria\n\nQuadra poliesportiva\n\nSal\u00e3o de atos amplo\n\nCapela com acesso tamb\u00e9m externo\n\nSalas de Recursos Audiovisuais\n\nBiblioteca Informatizada \u2013 I10Biblioteca\n\nSalas Ambiente e psicomotricidade\n\nSala de Artes\n\nLaborat\u00f3rio Multidisciplinar\n\nLaborat\u00f3rio de Inform\u00e1tica\n\nSala de Rob\u00f3tica (2024)\n\nLousas interativas digitais;\n\nKits de Rob\u00f3tica pedag\u00f3gica\n\nMathemoteca\n\nParque infantil - Piscina\n\nPista de transito \u2013 Casa do Brincar\n\nP\u00e1tios amplos...\n\nProjetos Desenvolvidos\n\nSeguindo a linha da Interdisciplinaridade a escola desenvolve os seguintes projetos:\n\nFEINTER \u2013 Feira Interdiscplinar, iniciada em 1990,visa uma transforma\u00e7\u00e3o curricular fundamentada numa pr\u00e1tica pedag\u00f3gica interdisciplinar. Foi concretizada no trabalho pedag\u00f3gico atrav\u00e9s de reflex\u00f5es , tornou-se integra\u00e7\u00e3o de conte\u00fados, tomou cor e forma e apareceu como projeto de trabalho. Em 2001 assumiu a caracter\u00edstica social e foi reconhecida pela AEC\/SP (Associa\u00e7\u00e3o das Escolas Cat\u00f3licas de S\u00e3o Paulo). Em 2003 ampliou suas atividades s\u00f3cio-educacionais atingindo de forma mais consistente entidades beneficentes da comunidade linense. A FEINTER vem se consagrando como culmin\u00e2ncia do aprendizado durante o ano letivo transportado para as necessidades s\u00f3cio-econ\u00f4micas da comunidade.\n\n Acolhidas di\u00e1rias.\n\n Forma\u00e7\u00e3o Continuada para professores e funcion\u00e1rios.\n\n Oficinas para pais.\n\n Col\u00f4nia de F\u00e9rias.\n\n Atividades extracurriculares: Inform\u00e1tica, Rob\u00f3tica, Futsal, Voleibol, Ballet.\n\n Escola de M\u00fasica e Artes (Coral, viol\u00e3o e teatro).<\/p><\/div><\/div>\t\t\t\t<\/div>\n\t\t\t\t<\/div>\n\t\t\t\t\t<\/div>\n\t\t\t\t<\/div>\n\t\t<div class=\"elementor-element elementor-element-e6dbdbc e-flex e-con-boxed e-con e-parent\" data-id=\"e6dbdbc\" data-element_type=\"container\" data-settings=\"{&quot;_ha_eqh_enable&quot;:false}\">\n\t\t\t\t\t<div class=\"e-con-inner\">\n\t\t\t\t<div class=\"elementor-element elementor-element-166a53c elementor-widget elementor-widget-heading\" data-id=\"166a53c\" data-element_type=\"widget\" data-widget_type=\"heading.default\">\n\t\t\t\t\t<h2 class=\"elementor-heading-title elementor-size-default\">Veja nossa localiza\u00e7\u00e3o e venha nos visitar!<\/h2>\t\t\t\t<\/div>\n\t\t\t\t<div class=\"elementor-element elementor-element-5473754 elementor-widget elementor-widget-text-editor\" data-id=\"5473754\" data-element_type=\"widget\" data-widget_type=\"text-editor.default\">\n\t\t\t\t\t\t\t\t\t<p><span style=\"color: #1b3e92;\">Estamos em um local de f\u00e1cil acesso e preparados para receber voc\u00ea com todo cuidado e aten\u00e7\u00e3o. Venha conhecer nosso espa\u00e7o, tirar suas d\u00favidas pessoalmente e aproveitar tudo o que temos a oferecer.<\/span><\/p><p><strong>Ser\u00e1 um prazer receber a sua visita<\/strong><\/p>\t\t\t\t\t\t\t\t<\/div>\n\t\t\t\t<div class=\"elementor-element elementor-element-bbeb65f elementor-widget elementor-widget-google_maps\" data-id=\"bbeb65f\" data-element_type=\"widget\" data-widget_type=\"google_maps.default\">\n\t\t\t\t\t\t\t<div class=\"elementor-custom-embed\">\n\t\t\t<iframe loading=\"lazy\"\n\t\t\t\t\tsrc=\"https:\/\/maps.google.com\/maps?q=R.%20Dom%20B%C3%B4sco%2C%20431%20-%20Vila%20Alta%2C%20Lins%20-%20SP%2C%2016400-505&#038;t=m&#038;z=10&#038;output=embed&#038;iwloc=near\"\n\t\t\t\t\ttitle=\"R. Dom B\u00f4sco, 431 - Vila Alta, Lins - SP, 16400-505\"\n\t\t\t\t\taria-label=\"R. Dom B\u00f4sco, 431 - Vila Alta, Lins - SP, 16400-505\"\n\t\t\t><\/iframe>\n\t\t<\/div>\n\t\t\t\t\t\t<\/div>\n\t\t\t\t\t<\/div>\n\t\t\t\t<\/div>\n\t\t\t\t<\/div>\n\t\t","protected":false},"excerpt":{"rendered":"<p>Proposta Pedag\u00f3gica O CENSA prop\u00f5e uma educa\u00e7\u00e3o humana integral forma\u00e7\u00e3o cr\u00edtica, \u00e9tica, social e pol\u00edtica do educando exerc\u00edcio de uma cidadania participativa, construtiva e solid\u00e1ria. O educando \u00e9 protagonista de [&hellip;]<\/p>\n","protected":false},"author":1,"featured_media":0,"parent":0,"menu_order":0,"comment_status":"closed","ping_status":"closed","template":"elementor_header_footer","meta":{"footnotes":""},"folder":[],"class_list":["post-167","page","type-page","status-publish","hentry"],"_links":{"self":[{"href":"https:\/\/www.censalins.g12.br\/index.php?rest_route=\/wp\/v2\/pages\/167","targetHints":{"allow":["GET"]}}],"collection":[{"href":"https:\/\/www.censalins.g12.br\/index.php?rest_route=\/wp\/v2\/pages"}],"about":[{"href":"https:\/\/www.censalins.g12.br\/index.php?rest_route=\/wp\/v2\/types\/page"}],"author":[{"embeddable":true,"href":"https:\/\/www.censalins.g12.br\/index.php?rest_route=\/wp\/v2\/users\/1"}],"replies":[{"embeddable":true,"href":"https:\/\/www.censalins.g12.br\/index.php?rest_route=%2Fwp%2Fv2%2Fcomments&post=167"}],"version-history":[{"count":4,"href":"https:\/\/www.censalins.g12.br\/index.php?rest_route=\/wp\/v2\/pages\/167\/revisions"}],"predecessor-version":[{"id":171,"href":"https:\/\/www.censalins.g12.br\/index.php?rest_route=\/wp\/v2\/pages\/167\/revisions\/171"}],"wp:attachment":[{"href":"https:\/\/www.censalins.g12.br\/index.php?rest_route=%2Fwp%2Fv2%2Fmedia&parent=167"}],"wp:term":[{"taxonomy":"folder","embeddable":true,"href":"https:\/\/www.censalins.g12.br\/index.php?rest_route=%2Fwp%2Fv2%2Ffolder&post=167"}],"curies":[{"name":"wp","href":"https:\/\/api.w.org\/{rel}","templated":true}]}}